{"id":16532,"date":"2024-03-28T08:23:00","date_gmt":"2024-03-28T08:23:00","guid":{"rendered":"https:\/\/www.activede.com\/16532-2\/"},"modified":"2024-03-28T08:50:02","modified_gmt":"2024-03-28T08:50:02","slug":"politica-de-privacidade","status":"publish","type":"page","link":"https:\/\/www.activede.com\/pt-pt\/politica-de-privacidade\/","title":{"rendered":"Pol\u00edtica de privacidade"},"content":{"rendered":"<div class=\"flex_column av_one_full  flex_column_div av-zero-column-padding first  \" style='border-radius:0px; '><section class=\"av_textblock_section \"  itemscope=\"itemscope\" itemtype=\"https:\/\/schema.org\/CreativeWork\" ><div class='avia_textblock  '   itemprop=\"text\" ><h1>Pol\u00edtica de privacidade<\/h1>\n<p>Para efeitos do disposto no REGULAMENTO (UE) 2016\/679 DO PARLAMENTO EUROPEU E DO CONSELHO de 27 de abril de 2016 (doravante &#8220;RGPD&#8221;) relativo \u00e0 prote\u00e7\u00e3o das pessoas singulares no que diz respeito ao tratamento de dados pessoais e \u00e0 livre circula\u00e7\u00e3o desses dados, a Active Development informa que \u00e9 o respons\u00e1vel pelo tratamento dos dados, e que os dados pessoais fornecidos a qualquer momento e voluntariamente \u00e0 nossa empresa ou aos nossos funcion\u00e1rios ser\u00e3o inclu\u00eddos num ficheiro automatizado criado por e para a Active Development e sob a sua responsabilidade, a fim de responder \u00e0s suas perguntas e enviar-lhe informa\u00e7\u00f5es relacionadas que possam ser do seu interesse.<\/p>\n<p><strong>OBJECTIVOS DA RECOLHA DE DADOS PESSOAIS:<\/strong><\/p>\n<p>A natureza, o \u00e2mbito e a finalidade do ficheiro dependem das ac\u00e7\u00f5es levadas a cabo pelos Utilizadores quando visitam as nossas p\u00e1ginas.<\/p>\n<ul>\n<li>Para responder \u00e0s suas perguntas e fornecer-lhe as informa\u00e7\u00f5es solicitadas atrav\u00e9s do formul\u00e1rio no s\u00edtio Web, para o que o contactaremos por telefone e\/ou pelo e-mail que nos forneceu.<\/li>\n<li>Enviar informa\u00e7\u00f5es promocionais e\/ou publicit\u00e1rias sobre as actividades que realizamos.<\/li>\n<li>Registar o seu endere\u00e7o de e-mail para receber a Newsletter que entregamos periodicamente aos nossos clientes, apenas se o tiver solicitado expressamente.<\/li>\n<li>A gest\u00e3o, se for caso disso, da rela\u00e7\u00e3o contratual, incluindo a gest\u00e3o das facturas e dos pagamentos, o acompanhamento dos pagamentos no caso de n\u00e3o terem sido efectuados na data acordada, a fideliza\u00e7\u00e3o dos clientes e a realiza\u00e7\u00e3o de inqu\u00e9ritos sobre a qualidade do servi\u00e7o.<\/li>\n<li>Para avaliar a sua candidatura se nos enviar um CV ou uma carta de resposta a uma oferta de emprego.<\/li>\n<li>Para permitir o funcionamento dos nossos s\u00edtios Web, atrav\u00e9s de cookies t\u00e9cnicos e funcionais, conforme descrito na nossa pol\u00edtica de cookies.<\/li>\n<\/ul>\n<p><strong>DURANTE QUANTO TEMPO CONSERVAREMOS OS SEUS DADOS:<\/strong><\/p>\n<p><strong>Os seus dados ser\u00e3o conservados:<\/strong><\/p>\n<ol>\n<li><strong>Para um prazo legal o mais curto poss\u00edvel (por exemplo, fatura\u00e7\u00e3o de servi\u00e7os)<\/strong><\/li>\n<li><strong>No caso de pedidos de informa\u00e7\u00e3o ou de consulta, durante o tempo necess\u00e1rio para responder ao pedido.<\/strong><\/li>\n<li><strong>Para os subscritores de boletins informativos, tr\u00eas (3) meses ap\u00f3s o cancelamento da subscri\u00e7\u00e3o, os dados de correio eletr\u00f3nico ser\u00e3o parcialmente apagados (desassocia\u00e7\u00e3o) para fins de controlo estat\u00edstico.<\/strong><\/li>\n<li><strong>Para a avalia\u00e7\u00e3o de uma candidatura, at\u00e9 que a vaga seja preenchida.<\/strong><\/li>\n<\/ol>\n<p><strong>TRANSFER\u00caNCIA DE DADOS PARA TERCEIROS:<\/strong><\/p>\n<ul>\n<li>Os dados dos formul\u00e1rios de inqu\u00e9rito n\u00e3o ser\u00e3o transmitidos a terceiros. S\u00f3 s\u00e3o tratados internamente no Desenvolvimento Ativo.<\/li>\n<\/ul>\n<ul>\n<li>Quando a Active Development lhe presta um servi\u00e7o com apoio ou atrav\u00e9s de um colaborador, os seus dados ser\u00e3o comunicados a este \u00faltimo, sob estritas obriga\u00e7\u00f5es de confidencialidade e ap\u00f3s a formaliza\u00e7\u00e3o do correspondente contrato de presta\u00e7\u00e3o de servi\u00e7os e do Acordo de Confidencialidade entre o Respons\u00e1vel pelo Tratamento de Dados (Active Development) e o Subcontratante (colaborador).<\/li>\n<\/ul>\n<p><strong>UTILIZA\u00c7\u00c3O DE COOKIES:<\/strong><\/p>\n<p>O s\u00edtio Web da Active Development utiliza cookies, que s\u00e3o ficheiros f\u00edsicos de informa\u00e7\u00e3o armazenados no pr\u00f3prio terminal do utilizador e que s\u00e3o utilizados para facilitar a navega\u00e7\u00e3o do utilizador no portal. Em qualquer caso, o utilizador tem a possibilidade de configurar o navegador de forma a impedir a instala\u00e7\u00e3o destes ficheiros, como explicado na nossa <strong><a href=\"http:\/\/www.activede.com\/politica-de-cookies\/\">Pol\u00edtica de Cookies<\/a> <\/strong><\/p>\n<p><strong>DIREITO DE ACESSO, RECTIFICA\u00c7\u00c3O, ANULA\u00c7\u00c3O E OPOSI\u00c7\u00c3O:<\/strong><\/p>\n<p>O utilizador pode, a qualquer momento, exercer o seu direito de acesso, retifica\u00e7\u00e3o, cancelamento e oposi\u00e7\u00e3o, tal como estipulado no RGPD, escrevendo para<\/p>\n<p><strong>Desenvolvimento ativo<\/strong><\/p>\n<p>Avd. Diagonal 608, E-1<br \/>\n08021 Barcelona, Espanha<\/p>\n<p>Tamb\u00e9m pode exercer estes direitos enviando uma mensagem de correio eletr\u00f3nico para: <a href=\"mailto:info@activede.com\">info@activede.com.<\/a><\/p>\n<p><strong>COMO CONTACTAR-NOS COM OS SEUS COMENT\u00c1RIOS E PERGUNTAS<\/strong><\/p>\n<p>Estamos dispon\u00edveis para responder \u00e0s suas perguntas, preocupa\u00e7\u00f5es ou coment\u00e1rios sobre a nossa empresa, os nossos servi\u00e7os e produtos, o nosso s\u00edtio Web ou a nossa pol\u00edtica de privacidade. Oferecemos-lhe as seguintes formas de nos contactar:<\/p>\n<p>Endere\u00e7o eletr\u00f3nico: <a href=\"mailto:info@activede.com\">info@activede.com<br \/>\n<\/a>Telefone: +34 93 557 23 50<\/p>\n<\/div><\/section><\/div>\n","protected":false},"excerpt":{"rendered":"","protected":false},"author":6,"featured_media":0,"parent":0,"menu_order":0,"comment_status":"closed","ping_status":"closed","template":"","meta":{"_acf_changed":false,"footnotes":""},"acf":[],"yoast_head":"<!-- This site is optimized with the Yoast SEO plugin v18.0 - https:\/\/yoast.com\/wordpress\/plugins\/seo\/ -->\n<title>A nossa de Pol\u00edtica de Privacidade - Active Development<\/title>\n<meta name=\"description\" content=\"Levamos a sua privacidade a s\u00e9rio. A nossa pol\u00edtica est\u00e1 em conformidade com a legisla\u00e7\u00e3o europeia. Al\u00e9m disso, os nossos projectos s\u00e3o trabalhados sob estrita confidencialidade.\" \/>\n<meta name=\"robots\" content=\"index, follow, max-snippet:-1, max-image-preview:large, max-video-preview:-1\" \/>\n<link rel=\"canonical\" href=\"https:\/\/www.activede.com\/pt-pt\/politica-de-privacidade\/\" \/>\n<meta property=\"og:locale\" content=\"pt_PT\" \/>\n<meta property=\"og:type\" content=\"article\" \/>\n<meta property=\"og:title\" content=\"A nossa de Pol\u00edtica de Privacidade - Active Development\" \/>\n<meta property=\"og:description\" content=\"Levamos a sua privacidade a s\u00e9rio. A nossa pol\u00edtica est\u00e1 em conformidade com a legisla\u00e7\u00e3o europeia. Al\u00e9m disso, os nossos projectos s\u00e3o trabalhados sob estrita confidencialidade.\" \/>\n<meta property=\"og:url\" content=\"https:\/\/www.activede.com\/pt-pt\/politica-de-privacidade\/\" \/>\n<meta property=\"og:site_name\" content=\"Active Development\" \/>\n<meta property=\"article:publisher\" content=\"https:\/\/www.facebook.com\/Active.Development\" \/>\n<meta property=\"article:modified_time\" content=\"2024-03-28T08:50:02+00:00\" \/>\n<meta name=\"twitter:card\" content=\"summary_large_image\" \/>\n<meta name=\"twitter:site\" content=\"@ActiveDe\" \/>\n<meta name=\"twitter:label1\" content=\"Est. reading time\" \/>\n\t<meta name=\"twitter:data1\" content=\"4 minutes\" \/>\n<script type=\"application\/ld+json\" class=\"yoast-schema-graph\">{\"@context\":\"https:\/\/schema.org\",\"@graph\":[{\"@type\":\"Organization\",\"@id\":\"https:\/\/www.activede.com\/ca\/#organization\",\"name\":\"ACTIVE DEVELOPMENT\",\"url\":\"https:\/\/www.activede.com\/ca\/\",\"sameAs\":[\"https:\/\/www.facebook.com\/Active.Development\",\"https:\/\/www.linkedin.com\/company\/999561?trk=tyah&amp;amp;trkInfo=tarId:1419004716750,tas:active development,idx:2-1-3\",\"http:\/\/www.youtube.com\/user\/ActiveDevelopment\",\"https:\/\/twitter.com\/ActiveDe\"],\"logo\":{\"@type\":\"ImageObject\",\"@id\":\"https:\/\/www.activede.com\/ca\/#logo\",\"inLanguage\":\"pt-PT\",\"url\":\"https:\/\/www.activede.com\/wp-content\/uploads\/2018\/10\/logoAD-min.png\",\"contentUrl\":\"https:\/\/www.activede.com\/wp-content\/uploads\/2018\/10\/logoAD-min.png\",\"width\":225,\"height\":51,\"caption\":\"ACTIVE DEVELOPMENT\"},\"image\":{\"@id\":\"https:\/\/www.activede.com\/ca\/#logo\"}},{\"@type\":\"WebSite\",\"@id\":\"https:\/\/www.activede.com\/ca\/#website\",\"url\":\"https:\/\/www.activede.com\/ca\/\",\"name\":\"Active Development\",\"description\":\"\",\"publisher\":{\"@id\":\"https:\/\/www.activede.com\/ca\/#organization\"},\"potentialAction\":[{\"@type\":\"SearchAction\",\"target\":{\"@type\":\"EntryPoint\",\"urlTemplate\":\"https:\/\/www.activede.com\/ca\/?s={search_term_string}\"},\"query-input\":\"required name=search_term_string\"}],\"inLanguage\":\"pt-PT\"},{\"@type\":\"WebPage\",\"@id\":\"https:\/\/www.activede.com\/pt-pt\/politica-de-privacidade\/#webpage\",\"url\":\"https:\/\/www.activede.com\/pt-pt\/politica-de-privacidade\/\",\"name\":\"A nossa de Pol\u00edtica de Privacidade - Active Development\",\"isPartOf\":{\"@id\":\"https:\/\/www.activede.com\/ca\/#website\"},\"datePublished\":\"2024-03-28T08:23:00+00:00\",\"dateModified\":\"2024-03-28T08:50:02+00:00\",\"description\":\"Levamos a sua privacidade a s\u00e9rio. A nossa pol\u00edtica est\u00e1 em conformidade com a legisla\u00e7\u00e3o europeia. Al\u00e9m disso, os nossos projectos s\u00e3o trabalhados sob estrita confidencialidade.\",\"breadcrumb\":{\"@id\":\"https:\/\/www.activede.com\/pt-pt\/politica-de-privacidade\/#breadcrumb\"},\"inLanguage\":\"pt-PT\",\"potentialAction\":[{\"@type\":\"ReadAction\",\"target\":[\"https:\/\/www.activede.com\/pt-pt\/politica-de-privacidade\/\"]}]},{\"@type\":\"BreadcrumbList\",\"@id\":\"https:\/\/www.activede.com\/pt-pt\/politica-de-privacidade\/#breadcrumb\",\"itemListElement\":[{\"@type\":\"ListItem\",\"position\":1,\"name\":\"Home\"}]}]}<\/script>\n<!-- \/ Yoast SEO plugin. -->","yoast_head_json":{"title":"A nossa de Pol\u00edtica de Privacidade - Active Development","description":"Levamos a sua privacidade a s\u00e9rio. A nossa pol\u00edtica est\u00e1 em conformidade com a legisla\u00e7\u00e3o europeia. Al\u00e9m disso, os nossos projectos s\u00e3o trabalhados sob estrita confidencialidade.","robots":{"index":"index","follow":"follow","max-snippet":"max-snippet:-1","max-image-preview":"max-image-preview:large","max-video-preview":"max-video-preview:-1"},"canonical":"https:\/\/www.activede.com\/pt-pt\/politica-de-privacidade\/","og_locale":"pt_PT","og_type":"article","og_title":"A nossa de Pol\u00edtica de Privacidade - Active Development","og_description":"Levamos a sua privacidade a s\u00e9rio. A nossa pol\u00edtica est\u00e1 em conformidade com a legisla\u00e7\u00e3o europeia. Al\u00e9m disso, os nossos projectos s\u00e3o trabalhados sob estrita confidencialidade.","og_url":"https:\/\/www.activede.com\/pt-pt\/politica-de-privacidade\/","og_site_name":"Active Development","article_publisher":"https:\/\/www.facebook.com\/Active.Development","article_modified_time":"2024-03-28T08:50:02+00:00","twitter_card":"summary_large_image","twitter_site":"@ActiveDe","twitter_misc":{"Est. reading time":"4 minutes"},"schema":{"@context":"https:\/\/schema.org","@graph":[{"@type":"Organization","@id":"https:\/\/www.activede.com\/ca\/#organization","name":"ACTIVE DEVELOPMENT","url":"https:\/\/www.activede.com\/ca\/","sameAs":["https:\/\/www.facebook.com\/Active.Development","https:\/\/www.linkedin.com\/company\/999561?trk=tyah&amp;amp;trkInfo=tarId:1419004716750,tas:active development,idx:2-1-3","http:\/\/www.youtube.com\/user\/ActiveDevelopment","https:\/\/twitter.com\/ActiveDe"],"logo":{"@type":"ImageObject","@id":"https:\/\/www.activede.com\/ca\/#logo","inLanguage":"pt-PT","url":"https:\/\/www.activede.com\/wp-content\/uploads\/2018\/10\/logoAD-min.png","contentUrl":"https:\/\/www.activede.com\/wp-content\/uploads\/2018\/10\/logoAD-min.png","width":225,"height":51,"caption":"ACTIVE DEVELOPMENT"},"image":{"@id":"https:\/\/www.activede.com\/ca\/#logo"}},{"@type":"WebSite","@id":"https:\/\/www.activede.com\/ca\/#website","url":"https:\/\/www.activede.com\/ca\/","name":"Active Development","description":"","publisher":{"@id":"https:\/\/www.activede.com\/ca\/#organization"},"potentialAction":[{"@type":"SearchAction","target":{"@type":"EntryPoint","urlTemplate":"https:\/\/www.activede.com\/ca\/?s={search_term_string}"},"query-input":"required name=search_term_string"}],"inLanguage":"pt-PT"},{"@type":"WebPage","@id":"https:\/\/www.activede.com\/pt-pt\/politica-de-privacidade\/#webpage","url":"https:\/\/www.activede.com\/pt-pt\/politica-de-privacidade\/","name":"A nossa de Pol\u00edtica de Privacidade - Active Development","isPartOf":{"@id":"https:\/\/www.activede.com\/ca\/#website"},"datePublished":"2024-03-28T08:23:00+00:00","dateModified":"2024-03-28T08:50:02+00:00","description":"Levamos a sua privacidade a s\u00e9rio. A nossa pol\u00edtica est\u00e1 em conformidade com a legisla\u00e7\u00e3o europeia. Al\u00e9m disso, os nossos projectos s\u00e3o trabalhados sob estrita confidencialidade.","breadcrumb":{"@id":"https:\/\/www.activede.com\/pt-pt\/politica-de-privacidade\/#breadcrumb"},"inLanguage":"pt-PT","potentialAction":[{"@type":"ReadAction","target":["https:\/\/www.activede.com\/pt-pt\/politica-de-privacidade\/"]}]},{"@type":"BreadcrumbList","@id":"https:\/\/www.activede.com\/pt-pt\/politica-de-privacidade\/#breadcrumb","itemListElement":[{"@type":"ListItem","position":1,"name":"Home"}]}]}},"_links":{"self":[{"href":"https:\/\/www.activede.com\/pt-pt\/wp-json\/wp\/v2\/pages\/16532"}],"collection":[{"href":"https:\/\/www.activede.com\/pt-pt\/wp-json\/wp\/v2\/pages"}],"about":[{"href":"https:\/\/www.activede.com\/pt-pt\/wp-json\/wp\/v2\/types\/page"}],"author":[{"embeddable":true,"href":"https:\/\/www.activede.com\/pt-pt\/wp-json\/wp\/v2\/users\/6"}],"replies":[{"embeddable":true,"href":"https:\/\/www.activede.com\/pt-pt\/wp-json\/wp\/v2\/comments?post=16532"}],"version-history":[{"count":5,"href":"https:\/\/www.activede.com\/pt-pt\/wp-json\/wp\/v2\/pages\/16532\/revisions"}],"predecessor-version":[{"id":16556,"href":"https:\/\/www.activede.com\/pt-pt\/wp-json\/wp\/v2\/pages\/16532\/revisions\/16556"}],"wp:attachment":[{"href":"https:\/\/www.activede.com\/pt-pt\/wp-json\/wp\/v2\/media?parent=16532"}],"curies":[{"name":"wp","href":"https:\/\/api.w.org\/{rel}","templated":true}]}}