{"id":9715,"date":"2018-11-21T04:50:00","date_gmt":"2018-11-21T04:50:00","guid":{"rendered":"http:\/\/activede.lemontelecom.com\/workshops\/"},"modified":"2019-05-03T17:59:09","modified_gmt":"2019-05-03T17:59:09","slug":"tallers","status":"publish","type":"page","link":"https:\/\/www.activede.com\/ca\/tallers\/","title":{"rendered":"Tallers"},"content":{"rendered":"<section class=\"av_textblock_section \"  itemscope=\"itemscope\" itemtype=\"https:\/\/schema.org\/CreativeWork\" ><div class='avia_textblock  '   itemprop=\"text\" ><h1>Tallers<\/h1>\n<h2>Tallers de Formaci\u00f3 i Entrenament<\/h2>\n<\/div><\/section>\n<div class=\"flex_column av_one_full  flex_column_div av-zero-column-padding first  \" style='border-radius:0px; '><p><div class='avia-image-container  av-styling-    avia-align-center '  itemprop=\"ImageObject\" itemscope=\"itemscope\" itemtype=\"https:\/\/schema.org\/ImageObject\"  ><div class='avia-image-container-inner'><div class='avia-image-overlay-wrap'><img class='avia_image ' src='https:\/\/www.activede.com\/wp-content\/uploads\/2018\/11\/IMG_6017.jpg' alt='' title='IMG_6017' height=\"350\"width=\"700\"  itemprop=\"thumbnailUrl\"  \/><\/div><\/div><\/div><br \/>\n<div style='height:50px' class='hr hr-invisible  '><span class='hr-inner ' ><span class='hr-inner-style'><\/span><\/span><\/div><br \/>\n<section class=\"av_textblock_section \"  itemscope=\"itemscope\" itemtype=\"https:\/\/schema.org\/CreativeWork\" ><div class='avia_textblock  '  style='font-size:14px; '  itemprop=\"text\" ><p>Els nostres tallers (workshops) s\u00f3n\u00a0<strong>ENTRENAMENTS ACTIUS\u00a0<\/strong>en grup de car\u00e0cter molt pr\u00e0ctic i d\u2019alt impacte. S\u00f3n una eina molt efica\u00e7 en la gesti\u00f3 del canvi que aconsegueixen millorar el rendiment dels teus equips. \u00c9s un complement perfecte al nostre servei d\u2019ASSESSORAMENT I CONSULTORIA perqu\u00e8 contribueixen a l\u2019execuci\u00f3 i desplegament dels nostres plans.<\/p>\n<p>Qualsevol dels nostres tallers pot ser complementat amb la nostra\u00a0\u00a0<a href=\"http:\/\/www.activede.com\/ca\/avaluacio-ada\/\">EINA D\u2019AVALUACI\u00d3 CONDUCTUAL\u00a0<\/a>individual que permet identificar cert talent abans del taller\u00a0 i detectar compet\u00e8ncies clau a desenvolupar. Despr\u00e9s de les sessions, tamb\u00e9 oferim els nostres SERVEIS DE COACHING (acompanyament personalitzat tipus tutoria d\u2019un en un) el que permet monitoritzar als participants de forma individual assegurant la pr\u00e0ctica per a desenvolupar h\u00e0bits.<\/p>\n<p>La nostra metodologia\u00a0<strong>\u2018LEARN BY DOING\u2019\u00a0<\/strong>es basa en un aprenentatge experiencial i actiu protagonitzat pel mateix participant, que \u00e9s qui analitza l\u2019impacte i les conseq\u00fc\u00e8ncies de les seves pr\u00f2pies decisions i actes. T\u2019imagines aprendre a lligar-se les sabates sense intentar-ho? \u00c9s un entrenament capa\u00e7 de deixar empremta i fer que els participants aprenguin i recordin, gr\u00e0cies a la seva directa implicaci\u00f3 i activa contribuci\u00f3.<\/p>\n<p>El nostre car\u00e0cter, rigor i dilatada experi\u00e8ncia de\u00a0<strong>M\u00c9S DE 15 ANYS\u00a0<\/strong>en institucions de reconegut prestigi internacional es combina amb una log\u00edstica impecable per a oferir l\u2019h\u00e0bitat idoni on desenvolupar les habilitats clau i el creixement personal dels participants. Desenvolupem\u00a0<strong>CASOS I PR\u00c0CTIQUES REALS DEL SEU SECTOR I EMPRESA<\/strong>, fet que permet una aplicaci\u00f3 immediata de tot all\u00f2 apr\u00e8s a la pr\u00e0ctica quotidiana. Aix\u00f2 es tradueix en un augment de rendiment, motivaci\u00f3 i comprom\u00eds.<\/p>\n<p>Active Development ha entrenat a\u00a0<strong>M\u00c9S DE 7.500 PERSONES\u00a0<\/strong>en format est\u00e0ndard de provada efic\u00e0cia. No obstant disposem de m\u00e0xima flexibilitat per a dissenyar o adoptar formats totalment personalitzats segons els seus interessos i necessitats. Alguns exemples s\u00f3n:<\/p>\n<\/div><\/section><br \/>\n<div  class='hr hr-default  '><span class='hr-inner ' ><span class='hr-inner-style'><\/span><\/span><\/div><br \/>\n<section class=\"av_textblock_section \"  itemscope=\"itemscope\" itemtype=\"https:\/\/schema.org\/CreativeWork\" ><div class='avia_textblock  '  style='font-size:14px; '  itemprop=\"text\" ><p><strong>1.<\/strong>\u00a0<strong>PON\u00c8NCIA d\u2019un m\u00e0xim de 2 hores en format gran aforament.<\/strong><\/p>\n<p><strong>2.<\/strong>\u00a0<strong>Taller tipus C\u00c0PSULA, un workshop intens en grups redu\u00efts d\u2019entre 2 i 3 hores de duraci\u00f3.<\/strong><\/p>\n<p><strong>3.<\/strong>\u00a0<strong>Taller o workshop en grups redu\u00efts, amb duraci\u00f3 HALF DAY (duraci\u00f3 m\u00e0xima de 5 hores o mitja jornada) o FULL DAY (de 5 a 10 hores en jornada completa).<\/strong><\/p>\n<p><strong>4.<\/strong>\u00a0<strong>Programa de 2-3 dies, amb opci\u00f3 a fer-ho fora de les oficines en format Weekend o Retreat.<\/strong><\/p>\n<p><strong>5.<\/strong>\u00a0<strong>Programa de +3 dies, un format ampliat amb opci\u00f3 de desenvolupament, seguiment i avaluaci\u00f3 de projectes durant el programa.<\/strong><\/p>\n<p><strong>6.\u00a0<\/strong><strong>Altres formats flexibles personalitzats.<\/strong><\/p>\n<\/div><\/section><br \/>\n<div  class='hr hr-default  '><span class='hr-inner ' ><span class='hr-inner-style'><\/span><\/span><\/div><br \/>\n<section class=\"av_textblock_section \"  itemscope=\"itemscope\" itemtype=\"https:\/\/schema.org\/CreativeWork\" ><div class='avia_textblock  '  style='font-size:14px; '  itemprop=\"text\" ><p>Flexibilitat implica que podem realitzar entrenaments amb suport PC per a tots els participants i realitzar pr\u00e0ctiques amb eines on-line, organitzar o replicar tallers en tota Espanya en les nostres 5 zones de formaci\u00f3 amb instal\u00b7lacions provades o en qualsevol lloc del m\u00f3n en franc\u00e8s o angl\u00e8s, o actuar sota \u2018marca blanca\u2019 totalment integrats en el teu departament de Formaci\u00f3 o Recursos Humans.<\/p>\n<p>Els nostres programes desenvolupen una cosa fonamental que no es pot comprar ni contractar: l\u2019actitud i l\u2019entusiasme. Volem convidar-te a que el teu equip descobreixi el seu veritable potencial perqu\u00e8 els seus integrants no actu\u00efn com el que s\u00f3n, sin\u00f3 com el que podrien arribar a ser desenvolupant tot el seu potencial.<\/p>\n<\/div><\/section><br \/>\n<div  class='hr hr-short hr-center  '><span class='hr-inner ' ><span class='hr-inner-style'><\/span><\/span><\/div><br \/>\n<section class=\"av_textblock_section \"  itemscope=\"itemscope\" itemtype=\"https:\/\/schema.org\/CreativeWork\" ><div class='avia_textblock  av_inherit_color '  style='color:#666666; '  itemprop=\"text\" ><p style=\"text-align: center;\"><strong><em>Diga\u2019m i oblidar\u00e9,<\/em><\/strong><\/p>\n<p style=\"text-align: center;\"><strong><em>Mostra\u2019m i recordar\u00e9,<\/em><\/strong><\/p>\n<p style=\"text-align: center;\"><strong><em>Deixa\u2019m participar i entendr\u00e9.<\/em><\/strong><\/p>\n<p style=\"text-align: center;\"><strong><em>\u2013 Confucio \u2013<\/em><\/strong><\/p>\n<\/div><\/section><\/p><\/div>\n<\/div><\/div><\/div><!-- close content main div --><\/div><\/div><div id='av_section_1' class='avia-section main_color avia-section-default avia-no-border-styling avia-bg-style-scroll   container_wrap sidebar_right' style = 'background-color: #3b3b3b; background-image: '  ><div class='container' ><div class='template-page content  av-content-small alpha units'><div class='post-entry post-entry-type-page post-entry-9715'><div class='entry-content-wrapper clearfix'>\n<div class='flex_column_table av-equal-height-column-flextable -flextable' ><div class=\"flex_column av_one_half  flex_column_table_cell av-equal-height-column av-align-middle first  \" style='background: #333333; padding:5%; background-color:#333333; border-radius:0px; '><p><div style='padding-bottom:10px; color:#ffffff;font-size:22px;' class='av-special-heading av-special-heading-h3 custom-color-heading blockquote modern-quote modern-centered  av-inherit-size '><h3 class='av-special-heading-tag  av-medium-font-size-overwrite av-medium-font-size-16 av-small-font-size-overwrite av-small-font-size-18 av-mini-font-size-overwrite av-mini-font-size-20'  itemprop=\"headline\"  >Experimenta avui el dem\u00e0<\/h3><div class ='av-subheading av-subheading_below av_custom_color  av-medium-font-size-overwrite av-medium-font-size-14 av-small-font-size-overwrite av-small-font-size-14 av-mini-font-size-overwrite av-mini-font-size-15' style='font-size:16px;'><p>Contacta ara per a un primer diagn\u00f2stic gratuit<\/p>\n<\/div><div class='special-heading-border'><div class='special-heading-inner-border' style='border-color:#ffffff'><\/div><\/div><\/div><br \/>\n<div class='avia-button-wrap avia-button-center '><a href='https:\/\/www.activede.com\/ca\/contacte\/consulta-sense-compromis\/'  class='avia-button   avia-icon_select-no avia-color-theme-color avia-size-medium avia-position-center '   ><span class='avia_iconbox_title' >CONTACTA ARA!<\/span><\/a><\/div><\/p><\/div><\/div><!--close column table wrapper. Autoclose: 1 --><div class='flex_column_table av-equal-height-column-flextable -flextable' ><div class='av-flex-placeholder'><\/div><div class=\"flex_column av_one_half  flex_column_table_cell av-equal-height-column av-align-middle   \" style='background: #333333; padding:5%; background-color:#333333; border-radius:0px; '><p><div style='padding-bottom:10px; color:#ffffff;font-size:22px;' class='av-special-heading av-special-heading-h3 custom-color-heading blockquote modern-quote modern-centered   av-inherit-size '><h3 class='av-special-heading-tag  av-medium-font-size-overwrite av-medium-font-size-16 av-small-font-size-overwrite av-small-font-size-18 av-mini-font-size-overwrite av-mini-font-size-20'  itemprop=\"headline\"  >Get to know Active Development<\/h3><div class ='av-subheading av-subheading_below av_custom_color  av-medium-font-size-overwrite av-medium-font-size-14 av-small-font-size-overwrite av-small-font-size-14 av-mini-font-size-overwrite av-mini-font-size-15' style='font-size:16px;'><p>Discover how we can help you<\/p>\n<\/div><div class='special-heading-border'><div class='special-heading-inner-border' style='border-color:#ffffff'><\/div><\/div><\/div><br \/>\n<div class='avia-button-wrap avia-button-center '><a href='https:\/\/www.youtube.com\/embed\/_NWnf7PXfGE?rel=0'  class='avia-button   avia-icon_select-no avia-color-theme-color avia-size-medium avia-position-center '   ><span class='avia_iconbox_title' >VER VIDEO!<\/span><\/a><\/div><\/p><\/div><\/div><!--close column table wrapper. Autoclose: 1 -->\n<\/div><\/div><\/div><!-- close content main div --><\/div><\/div><div id='after_section_1' class='main_color av_default_container_wrap container_wrap sidebar_right'   ><div class='container' ><div class='template-page content  av-content-small alpha units'><div class='post-entry post-entry-type-page post-entry-9715'><div class='entry-content-wrapper clearfix'>\n","protected":false},"excerpt":{"rendered":"","protected":false},"author":6,"featured_media":0,"parent":0,"menu_order":0,"comment_status":"closed","ping_status":"closed","template":"","meta":{"_acf_changed":false,"footnotes":""},"acf":[],"yoast_head":"<!-- This site is optimized with the Yoast SEO plugin v18.0 - https:\/\/yoast.com\/wordpress\/plugins\/seo\/ -->\n<title>Tallers i Formaci\u00f3 pr\u00e0ctica per a empresa - Active Development<\/title>\n<meta name=\"description\" content=\"Els nostres tallers s\u00f3n entrenaments actius per a empreses que proporcionen formaci\u00f3 d&#039;alt impacte. Una eina molt efica\u00e7 en la gesti\u00f3 del canvi.\" \/>\n<meta name=\"robots\" content=\"index, follow, max-snippet:-1, max-image-preview:large, max-video-preview:-1\" \/>\n<link rel=\"canonical\" href=\"https:\/\/www.activede.com\/ca\/tallers\/\" \/>\n<meta property=\"og:locale\" content=\"ca_ES\" \/>\n<meta property=\"og:type\" content=\"article\" \/>\n<meta property=\"og:title\" content=\"Tallers i Formaci\u00f3 pr\u00e0ctica per a empresa - Active Development\" \/>\n<meta property=\"og:description\" content=\"Els nostres tallers s\u00f3n entrenaments actius per a empreses que proporcionen formaci\u00f3 d&#039;alt impacte. Una eina molt efica\u00e7 en la gesti\u00f3 del canvi.\" \/>\n<meta property=\"og:url\" content=\"https:\/\/www.activede.com\/ca\/tallers\/\" \/>\n<meta property=\"og:site_name\" content=\"Active Development\" \/>\n<meta property=\"article:publisher\" content=\"https:\/\/www.facebook.com\/Active.Development\" \/>\n<meta property=\"article:modified_time\" content=\"2019-05-03T17:59:09+00:00\" \/>\n<meta name=\"twitter:card\" content=\"summary_large_image\" \/>\n<meta name=\"twitter:site\" content=\"@ActiveDe\" \/>\n<meta name=\"twitter:label1\" content=\"Temps estimat de lectura\" \/>\n\t<meta name=\"twitter:data1\" content=\"8 minuts\" \/>\n<script type=\"application\/ld+json\" class=\"yoast-schema-graph\">{\"@context\":\"https:\/\/schema.org\",\"@graph\":[{\"@type\":\"Organization\",\"@id\":\"https:\/\/www.activede.com\/ca\/#organization\",\"name\":\"ACTIVE DEVELOPMENT\",\"url\":\"https:\/\/www.activede.com\/ca\/\",\"sameAs\":[\"https:\/\/www.facebook.com\/Active.Development\",\"https:\/\/www.linkedin.com\/company\/999561?trk=tyah&amp;amp;trkInfo=tarId:1419004716750,tas:active development,idx:2-1-3\",\"http:\/\/www.youtube.com\/user\/ActiveDevelopment\",\"https:\/\/twitter.com\/ActiveDe\"],\"logo\":{\"@type\":\"ImageObject\",\"@id\":\"https:\/\/www.activede.com\/ca\/#logo\",\"inLanguage\":\"ca\",\"url\":\"https:\/\/www.activede.com\/wp-content\/uploads\/2018\/10\/logoAD-min.png\",\"contentUrl\":\"https:\/\/www.activede.com\/wp-content\/uploads\/2018\/10\/logoAD-min.png\",\"width\":225,\"height\":51,\"caption\":\"ACTIVE DEVELOPMENT\"},\"image\":{\"@id\":\"https:\/\/www.activede.com\/ca\/#logo\"}},{\"@type\":\"WebSite\",\"@id\":\"https:\/\/www.activede.com\/ca\/#website\",\"url\":\"https:\/\/www.activede.com\/ca\/\",\"name\":\"Active Development\",\"description\":\"\",\"publisher\":{\"@id\":\"https:\/\/www.activede.com\/ca\/#organization\"},\"potentialAction\":[{\"@type\":\"SearchAction\",\"target\":{\"@type\":\"EntryPoint\",\"urlTemplate\":\"https:\/\/www.activede.com\/ca\/?s={search_term_string}\"},\"query-input\":\"required name=search_term_string\"}],\"inLanguage\":\"ca\"},{\"@type\":\"WebPage\",\"@id\":\"https:\/\/www.activede.com\/ca\/tallers\/#webpage\",\"url\":\"https:\/\/www.activede.com\/ca\/tallers\/\",\"name\":\"Tallers i Formaci\u00f3 pr\u00e0ctica per a empresa - Active Development\",\"isPartOf\":{\"@id\":\"https:\/\/www.activede.com\/ca\/#website\"},\"datePublished\":\"2018-11-21T04:50:00+00:00\",\"dateModified\":\"2019-05-03T17:59:09+00:00\",\"description\":\"Els nostres tallers s\u00f3n entrenaments actius per a empreses que proporcionen formaci\u00f3 d'alt impacte. Una eina molt efica\u00e7 en la gesti\u00f3 del canvi.\",\"breadcrumb\":{\"@id\":\"https:\/\/www.activede.com\/ca\/tallers\/#breadcrumb\"},\"inLanguage\":\"ca\",\"potentialAction\":[{\"@type\":\"ReadAction\",\"target\":[\"https:\/\/www.activede.com\/ca\/tallers\/\"]}]},{\"@type\":\"BreadcrumbList\",\"@id\":\"https:\/\/www.activede.com\/ca\/tallers\/#breadcrumb\",\"itemListElement\":[{\"@type\":\"ListItem\",\"position\":1,\"name\":\"Home\",\"item\":\"https:\/\/www.activede.com\/ca\/\"},{\"@type\":\"ListItem\",\"position\":2,\"name\":\"Tallers\"}]}]}<\/script>\n<!-- \/ Yoast SEO plugin. -->","yoast_head_json":{"title":"Tallers i Formaci\u00f3 pr\u00e0ctica per a empresa - Active Development","description":"Els nostres tallers s\u00f3n entrenaments actius per a empreses que proporcionen formaci\u00f3 d'alt impacte. Una eina molt efica\u00e7 en la gesti\u00f3 del canvi.","robots":{"index":"index","follow":"follow","max-snippet":"max-snippet:-1","max-image-preview":"max-image-preview:large","max-video-preview":"max-video-preview:-1"},"canonical":"https:\/\/www.activede.com\/ca\/tallers\/","og_locale":"ca_ES","og_type":"article","og_title":"Tallers i Formaci\u00f3 pr\u00e0ctica per a empresa - Active Development","og_description":"Els nostres tallers s\u00f3n entrenaments actius per a empreses que proporcionen formaci\u00f3 d'alt impacte. Una eina molt efica\u00e7 en la gesti\u00f3 del canvi.","og_url":"https:\/\/www.activede.com\/ca\/tallers\/","og_site_name":"Active Development","article_publisher":"https:\/\/www.facebook.com\/Active.Development","article_modified_time":"2019-05-03T17:59:09+00:00","twitter_card":"summary_large_image","twitter_site":"@ActiveDe","twitter_misc":{"Temps estimat de lectura":"8 minuts"},"schema":{"@context":"https:\/\/schema.org","@graph":[{"@type":"Organization","@id":"https:\/\/www.activede.com\/ca\/#organization","name":"ACTIVE DEVELOPMENT","url":"https:\/\/www.activede.com\/ca\/","sameAs":["https:\/\/www.facebook.com\/Active.Development","https:\/\/www.linkedin.com\/company\/999561?trk=tyah&amp;amp;trkInfo=tarId:1419004716750,tas:active development,idx:2-1-3","http:\/\/www.youtube.com\/user\/ActiveDevelopment","https:\/\/twitter.com\/ActiveDe"],"logo":{"@type":"ImageObject","@id":"https:\/\/www.activede.com\/ca\/#logo","inLanguage":"ca","url":"https:\/\/www.activede.com\/wp-content\/uploads\/2018\/10\/logoAD-min.png","contentUrl":"https:\/\/www.activede.com\/wp-content\/uploads\/2018\/10\/logoAD-min.png","width":225,"height":51,"caption":"ACTIVE DEVELOPMENT"},"image":{"@id":"https:\/\/www.activede.com\/ca\/#logo"}},{"@type":"WebSite","@id":"https:\/\/www.activede.com\/ca\/#website","url":"https:\/\/www.activede.com\/ca\/","name":"Active Development","description":"","publisher":{"@id":"https:\/\/www.activede.com\/ca\/#organization"},"potentialAction":[{"@type":"SearchAction","target":{"@type":"EntryPoint","urlTemplate":"https:\/\/www.activede.com\/ca\/?s={search_term_string}"},"query-input":"required name=search_term_string"}],"inLanguage":"ca"},{"@type":"WebPage","@id":"https:\/\/www.activede.com\/ca\/tallers\/#webpage","url":"https:\/\/www.activede.com\/ca\/tallers\/","name":"Tallers i Formaci\u00f3 pr\u00e0ctica per a empresa - Active Development","isPartOf":{"@id":"https:\/\/www.activede.com\/ca\/#website"},"datePublished":"2018-11-21T04:50:00+00:00","dateModified":"2019-05-03T17:59:09+00:00","description":"Els nostres tallers s\u00f3n entrenaments actius per a empreses que proporcionen formaci\u00f3 d'alt impacte. Una eina molt efica\u00e7 en la gesti\u00f3 del canvi.","breadcrumb":{"@id":"https:\/\/www.activede.com\/ca\/tallers\/#breadcrumb"},"inLanguage":"ca","potentialAction":[{"@type":"ReadAction","target":["https:\/\/www.activede.com\/ca\/tallers\/"]}]},{"@type":"BreadcrumbList","@id":"https:\/\/www.activede.com\/ca\/tallers\/#breadcrumb","itemListElement":[{"@type":"ListItem","position":1,"name":"Home","item":"https:\/\/www.activede.com\/ca\/"},{"@type":"ListItem","position":2,"name":"Tallers"}]}]}},"_links":{"self":[{"href":"https:\/\/www.activede.com\/ca\/wp-json\/wp\/v2\/pages\/9715"}],"collection":[{"href":"https:\/\/www.activede.com\/ca\/wp-json\/wp\/v2\/pages"}],"about":[{"href":"https:\/\/www.activede.com\/ca\/wp-json\/wp\/v2\/types\/page"}],"author":[{"embeddable":true,"href":"https:\/\/www.activede.com\/ca\/wp-json\/wp\/v2\/users\/6"}],"replies":[{"embeddable":true,"href":"https:\/\/www.activede.com\/ca\/wp-json\/wp\/v2\/comments?post=9715"}],"version-history":[{"count":7,"href":"https:\/\/www.activede.com\/ca\/wp-json\/wp\/v2\/pages\/9715\/revisions"}],"predecessor-version":[{"id":12356,"href":"https:\/\/www.activede.com\/ca\/wp-json\/wp\/v2\/pages\/9715\/revisions\/12356"}],"wp:attachment":[{"href":"https:\/\/www.activede.com\/ca\/wp-json\/wp\/v2\/media?parent=9715"}],"curies":[{"name":"wp","href":"https:\/\/api.w.org\/{rel}","templated":true}]}}